{"id":24,"date":"2016-10-04T08:12:20","date_gmt":"2016-10-04T06:12:20","guid":{"rendered":"http:\/\/osnovna-skola-donja-stubica.hr\/?page_id=24"},"modified":"2026-01-16T07:55:07","modified_gmt":"2026-01-16T06:55:07","slug":"dokumenti","status":"publish","type":"page","link":"https:\/\/osnovna-skola-donja-stubica.hr\/wp\/pravni-poslovi\/dokumenti\/","title":{"rendered":"Dokumenti"},"content":{"rendered":"<h2>Statut \u0160kole<\/h2>\n<ul>\n<li><a href=\"https:\/\/osnovna-skola-donja-stubica.hr\/wp\/wp-content\/uploads\/2024\/06\/Statut-optimiziran.pdf\">Statut Osnovne \u0161kole Donja Stubica<\/a><\/li>\n<\/ul>\n<h3>Godi\u0161nji plan i\u00a0kurikulum \u0160kole<\/h3>\n<ul>\n<li><a href=\"https:\/\/osnovna-skola-donja-stubica.hr\/wp\/wp-content\/uploads\/2025\/10\/Godisnji-plan-i-program-rada-2025.-2026-1.docx\">Godi\u0161nji plan i program rada \u0161kole 2025.\/2026.<\/a><\/li>\n<li><a href=\"https:\/\/osnovna-skola-donja-stubica.hr\/wp\/wp-content\/uploads\/2025\/10\/Skolski-kurikulum-2025.-2026-1.docx\">\u0160kolski kurikulum 2025.\/2026.<\/a><\/li>\n<li><a href=\"https:\/\/osnovna-skola-donja-stubica.hr\/wp\/wp-content\/uploads\/2025\/10\/Izvjesce-o-ostvarivanju-godisnjeg-plana-i-programa-rada-skole-za-sk.-god.-2024.-2025-1.docx\">Izvje\u0161\u0107e o ostvarivanju Godi\u0161njeg plana i programa rada \u0161kole za \u0161k. god. 2024.\/2025.<\/a>\n<ul>\n<li><a href=\"https:\/\/osnovna-skola-donja-stubica.hr\/wp\/wp-content\/uploads\/2024\/10\/Godisnji-plan-i-program-rada-skole-2024.-2025.pdf\">Godi\u0161nji plan i program rada \u0161kole 2024.\/2025.<\/a> <a href=\"https:\/\/osnovna-skola-donja-stubica.hr\/wp\/wp-content\/uploads\/2024\/10\/Skolski-kurikulum-2024.-2025.pdf\">\u0160kolski kurikulum 2024.\/2025.<\/a><\/li>\n<li><a href=\"https:\/\/osnovna-skola-donja-stubica.hr\/wp\/wp-content\/uploads\/2023\/10\/Godisnji-plan-i-program-rada-2023-2024.docx\">Godi\u0161nji plan i program rada 2023.\/2024.<\/a> <a href=\"https:\/\/osnovna-skola-donja-stubica.hr\/wp\/wp-content\/uploads\/2023\/10\/Skolski-kurikulum-2023.-2024.docx\">\u0160kolski kurikulum 2023.\/2024.<\/a><\/li>\n<li><a href=\"https:\/\/osnovna-skola-donja-stubica.hr\/wp\/wp-content\/uploads\/2022\/10\/2.OS\u030c_DonjaStubica_DonjaStubica_GIPP_2022-WEB.docx\">Godi\u0161nji plan i program rada 2022.\/2023.<\/a>\u00a0<a style=\"font-family: -apple-system, BlinkMacSystemFont, 'Segoe UI', Roboto, Oxygen-Sans, Ubuntu, Cantarell, 'Helvetica Neue', sans-serif;\" href=\"https:\/\/osnovna-skola-donja-stubica.hr\/wp\/wp-content\/uploads\/2022\/10\/2.OS\u030c_DonjaStubica_DonjaStubica_Kurikulum_2022.pdf\">\u0160kolski kurikulum 2022.\/2023.<\/a><\/li>\n<\/ul>\n<\/li>\n<\/ul>\n<h3>Izvje\u0161\u0107a o radu<\/h3>\n<ul>\n<li><a href=\"https:\/\/osnovna-skola-donja-stubica.hr\/wp\/wp-content\/uploads\/2025\/10\/Izvjesce-GPP-2024-2025.docx\">Izvje\u0161\u0107e GPP-a 2024. \/2025.<\/a><\/li>\n<li><a href=\"https:\/\/osnovna-skola-donja-stubica.hr\/wp\/wp-content\/uploads\/2025\/10\/Izvjesce-GPP-2023.2024.-konacno.docx\">Izvje\u0161\u0107e GPP-a 2023.\/2024.<\/a><\/li>\n<li><a href=\"https:\/\/osnovna-skola-donja-stubica.hr\/wp\/wp-content\/uploads\/2023\/10\/Izvjesce-realizacije-Godisnjeg-plana-i-programa-rada-skole-2022.-2023.docx\" target=\"_blank\" rel=\"noopener\">Izvje\u0161\u0107e GPP-a 2022.\/2023.<\/a><\/li>\n<li><a href=\"https:\/\/osnovna-skola-donja-stubica.hr\/wp\/wp-content\/uploads\/2022\/10\/Izvjes\u030cc\u0301e-realizacije-Godis\u030cnjeg-plana-i-programa-2021.-2022.-WEB.docx\">Izvje\u0161\u0107e GPP-a 2021.\/2022.<\/a><\/li>\n<li><a href=\"https:\/\/osnovna-skola-donja-stubica.hr\/wp\/wp-content\/uploads\/2021\/10\/Izvjes\u030cc\u0301e-GPP-20-21.docx\">Izvjes\u030cc\u0301e GPP-a 2020.\/2021.<\/a><\/li>\n<li><a href=\"https:\/\/osnovna-skola-donja-stubica.hr\/wp\/wp-content\/uploads\/2021\/01\/Izvjes\u030cc\u0301e-GPP-19-20.docx\">Izvjes\u030cc\u0301e GPP-a 2019.\/2020.<\/a><\/li>\n<li><a href=\"https:\/\/osnovna-skola-donja-stubica.hr\/wp\/wp-content\/uploads\/2019\/10\/Izvjes\u030cc\u0301e-GPP-18-19.docx\">Izvjes\u030cc\u0301e GPP-a\u00a0 2018\/2019.<\/a><\/li>\n<li><a href=\"https:\/\/osnovna-skola-donja-stubica.hr\/wp\/wp-content\/uploads\/2019\/01\/Izvjes\u030cc\u0301e-GPP-17-18-kopija-converted-converted.pdf\">Izvjes\u030cc\u0301e GPP-a 2017.\/2018.<\/a><\/li>\n<li><a href=\"https:\/\/osnovna-skola-donja-stubica.hr\/wp\/wp-content\/uploads\/2018\/01\/Izvjesce-GPP-a-16-17.doc\">Izvje\u0161\u0107e GPP-a 2016.\/2017.<\/a><\/li>\n<\/ul>\n<h3>Op\u0107i akti \u0160kole<\/h3>\n<ul>\n<li><a href=\"https:\/\/osnovna-skola-donja-stubica.hr\/wp\/wp-content\/uploads\/2021\/10\/Eticki-kodeks.doc\">Eti\u010dki kodeks<\/a><\/li>\n<li><a href=\"https:\/\/osnovna-skola-donja-stubica.hr\/wp\/wp-content\/uploads\/2025\/10\/Kucni-red.doc\">Ku\u0107ni red<\/a><\/li>\n<li><a href=\"https:\/\/osnovna-skola-donja-stubica.hr\/wp\/wp-content\/uploads\/2017\/10\/Pravilnik-o-provedbi-postupaka-jednostavne-nabave-za-web.docx\">Pravilnik o provedbi postupaka jednostavne nabave<\/a>\n<ul>\n<li><a href=\"https:\/\/osnovna-skola-donja-stubica.hr\/wp\/wp-content\/uploads\/2023\/01\/Prva-izmjena-Pravilnika-o-provedbi-postupaka-jednostavne-nabave-robe-radova-i-usluga.docx\">Prva izmjena Pravilnika o provedbi postupaka jednostavne nabave robe, radova i usluga<\/a><\/li>\n<\/ul>\n<\/li>\n<li><a href=\"https:\/\/osnovna-skola-donja-stubica.hr\/wp\/wp-content\/uploads\/2024\/09\/Pravilnik-o-sistematizaciji-radnih-mjesta-2024.doc\">Pravilnik o sistematizaciji radnih mjesta (2024)<\/a>\n<ul>\n<li><a href=\"https:\/\/osnovna-skola-donja-stubica.hr\/wp\/wp-content\/uploads\/2025\/11\/Pravilnik-o-dopuni-Pravilnika-o-sistematizaciji-radnih-mjesta.pdf\">Pravilnik o dopuni Pravilnika o sistematizaciji radnih mjesta (2025)<\/a><\/li>\n<\/ul>\n<\/li>\n<li><a href=\"https:\/\/osnovna-skola-donja-stubica.hr\/wp\/wp-content\/uploads\/2024\/09\/Pravilnik-o-radu-2024.doc\">Pravilnik o radu O\u0160 Donja Stubica (2024)<\/a>\n<ul>\n<li><a href=\"https:\/\/osnovna-skola-donja-stubica.hr\/wp\/wp-content\/uploads\/2025\/11\/Pravilnik-o-dopunama-Pravilnika-o-radu.pdf\">Pravilnik o dopunama Pravilnika o radu (2025)<\/a><\/li>\n<\/ul>\n<\/li>\n<li><a href=\"https:\/\/osnovna-skola-donja-stubica.hr\/wp\/wp-content\/uploads\/2019\/03\/Pravilnik_zaposljavanja-.docx\">Pravilnik o nac\u030cinu i postupku kojim se svim kandidatima za zapos\u030cljavanje osigurava jednaka dostupnost javnim sluz\u030cbama pod jednakim uvjetima te vrednovanje kandidata prijavljenih na natjec\u030caja<\/a><\/li>\n<li><a href=\"https:\/\/osnovna-skola-donja-stubica.hr\/wp\/wp-content\/uploads\/2016\/10\/Pravilnik-o-zastiti-na-radu.doc\">Pravilnik o za\u0161titi na radu<\/a><\/li>\n<li><a href=\"https:\/\/osnovna-skola-donja-stubica.hr\/wp\/wp-content\/uploads\/2025\/04\/Pravilnik-o-zastiti-od-pozara.doc\">Pravilnik o za\u0161titi od po\u017eara<\/a><\/li>\n<li><a href=\"https:\/\/osnovna-skola-donja-stubica.hr\/wp\/wp-content\/uploads\/2021\/05\/Pravilnik-o-nacinu-provodenja-aktivnosti-na-promicanju-spoznaje-o-stetnosti-uporabe-duhanskih-i-srodnih-proizvoda-za-zdravlje.docx\">Pravilnik o na\u010dinu provo\u0111enja aktivnosti na promicanju spoznaje o \u0161tetnosti uporabe duhanskih i srodnih proizvoda za zdravlje<\/a><\/li>\n<li><a href=\"https:\/\/osnovna-skola-donja-stubica.hr\/wp\/wp-content\/uploads\/2024\/02\/Pravilnik-o-radu-skolske-knjiznice.pdf\">Pravilnik o radu \u0161kolske knji\u017enice (2024)<\/a><\/li>\n<li><a href=\"https:\/\/osnovna-skola-donja-stubica.hr\/wp\/wp-content\/uploads\/2021\/05\/Pravila-o-upravljanju-arhivskim-i-dokumentarnim-gradivom-2021.docx\">Pravila o upravljanju arhivskim i dokumentarnim gradivom<\/a>\n<ul>\n<li><a href=\"https:\/\/osnovna-skola-donja-stubica.hr\/wp\/wp-content\/uploads\/2021\/05\/POPIS-GRADIVA-2021.xlsx\">Popis gradiva 2021<\/a><\/li>\n<li><a href=\"https:\/\/osnovna-skola-donja-stubica.hr\/wp\/wp-content\/uploads\/2021\/05\/Odluka-o-donosenju-Pravila-o-upravljanju-dokumentarnim-i-arhivskim-gradivom.pdf\">Odluka o dono\u0161enju Pravila o upravljanju dokumentarnim i arhivskim gradivom<\/a><\/li>\n<\/ul>\n<\/li>\n<li><a href=\"https:\/\/osnovna-skola-donja-stubica.hr\/wp\/wp-content\/uploads\/2018\/10\/Pravilnik-o-zastiti-osobnih-podataka.docx\">Pravilnik o za\u0161titi osobnih podataka<\/a><\/li>\n<li><a href=\"https:\/\/osnovna-skola-donja-stubica.hr\/wp\/wp-content\/uploads\/2024\/02\/Pravilnik-o-koristenju-skolske-sportske-dvorane-te-ostalih-prostora-i-opreme-skole.pdf\">Pravilnik o koris\u030ctenju s\u030ckolske sportske dvorane te ostalih prostora i opreme s\u030ckole<\/a><\/li>\n<li><a href=\"https:\/\/osnovna-skola-donja-stubica.hr\/wp\/wp-content\/uploads\/2022\/06\/Pravilnik-o-postupku-unutarnjeg-prijavljivanja-nepravilnosti.docx\">Pravilnik o postupku unutarnjeg prijavljivanja nepravilnosti<\/a>\n<ul>\n<li><a href=\"https:\/\/osnovna-skola-donja-stubica.hr\/wp\/wp-content\/uploads\/2022\/07\/Odluka-o-imenovanju-povjerljive-osobe.pdf\">Odluka o imenovanju povjerljive osobe<\/a><\/li>\n<li><a href=\"https:\/\/osnovna-skola-donja-stubica.hr\/wp\/wp-content\/uploads\/2022\/07\/Odluka-o-imenovanju-zamjenice-povjerljive-osobe.pdf\">Odluka o imenovanju zamjenice povjerljive osobe<\/a><\/li>\n<\/ul>\n<\/li>\n<li><a href=\"https:\/\/osnovna-skola-donja-stubica.hr\/wp\/wp-content\/uploads\/2021\/10\/Poslovnik_o_radu_SSD.doc\">Poslovnik o radu \u0161kolskih sportskih dru\u0161tava<\/a><\/li>\n<\/ul>\n<h3>Procedure<\/h3>\n<ul>\n<li><a href=\"https:\/\/osnovna-skola-donja-stubica.hr\/wp\/wp-content\/uploads\/2021\/02\/Procedura-o-stjecanju-i-nac\u030cinu-koris\u030ctenja-vlastitih-prihoda.pdf\">Procedura o stjecanju i nac\u030cinu koris\u030ctenja vlastitih prihoda<\/a><\/li>\n<li><a href=\"https:\/\/osnovna-skola-donja-stubica.hr\/wp\/wp-content\/uploads\/2019\/11\/Procedura-blagajnickog-poslovanja.pdf\">Procedura blagajni\u010dkog poslovanja<\/a><\/li>\n<li><a href=\"https:\/\/osnovna-skola-donja-stubica.hr\/wp\/wp-content\/uploads\/2019\/11\/Procedura-putnih-naloga.pdf\">Procedura putnih naloga<\/a><\/li>\n<li><a href=\"https:\/\/osnovna-skola-donja-stubica.hr\/wp\/wp-content\/uploads\/2019\/11\/Procedura-stjecanja-raspolaganja-i-upravljanja-nekretninama.pdf\">Procedura stjecanja, raspolaganja i upravljanja nekretninama<\/a><\/li>\n<li><a href=\"https:\/\/osnovna-skola-donja-stubica.hr\/wp\/wp-content\/uploads\/2020\/11\/Procedura-zaprimanja-racuna-njihove-provjere-u-odgovarajucim-ustrojstvenim-jedinicama-i-pravovremenog-placanja.pdf\">Procedura zaprimanja ra\u010duna, njihove provjere u odgovaraju\u0107im ustrojstvenim jedinicama i pravovremenog pla\u0107anja\u00a0<\/a><\/li>\n<li><a href=\"https:\/\/osnovna-skola-donja-stubica.hr\/wp\/wp-content\/uploads\/2023\/03\/Procedura-stvaranja-ugovornih-obveza-OS-Donja-Stubica.doc\">Procedura stvaranja ugovornih obveza<\/a><\/li>\n<li><a href=\"https:\/\/osnovna-skola-donja-stubica.hr\/wp\/wp-content\/uploads\/2026\/01\/Procedura-pracenja-i-naplate-prihoda-i-primitaka.pdf\">Procedura pra\u0107enja i naplate prihoda i primitaka<\/a><\/li>\n<li><a href=\"https:\/\/osnovna-skola-donja-stubica.hr\/wp\/wp-content\/uploads\/2026\/01\/Procedura-dostavljanja-sklopljenih-ugovora-iz-kojih-proizlaze-financijski-ucinci.pdf\">Procedura dostavljanja sklopljenih ugovora iz kojih proizlaze financijski u\u010dinci<\/a><\/li>\n<\/ul>\n<h3>Ostali dokumenti<\/h3>\n<ul>\n<li><a href=\"https:\/\/osnovna-skola-donja-stubica.hr\/wp\/wp-content\/uploads\/2025\/04\/Odluka-o-imenovanju-Skolskog-tima-za-kvalitetu-1.pdf\">Odluka o imenovanju \u0160kolskog tima za kvalitetu<\/a><\/li>\n<li><a href=\"https:\/\/osnovna-skola-donja-stubica.hr\/wp\/wp-content\/uploads\/2020\/11\/RAZVOJNI-PLAN-sKOLE-II.docx\">Razvojni plan \u0160kole<\/a><\/li>\n<\/ul>\n<hr \/>\n<h3>Zakonski propisi<\/h3>\n<table border=\"1\" cellspacing=\"0\" cellpadding=\"0\">\n<thead>\n<tr>\n<th>Vrsta<\/th>\n<th>Naziv<\/th>\n<th>Objava<\/th>\n<\/tr>\n<\/thead>\n<tbody>\n<tr>\n<td>Ustav<\/td>\n<td>Ustav Republike Hrvatske<\/td>\n<td>Narodne novine br.:<br \/>\n<a class=\"outlink\" href=\"http:\/\/narodne-novine.nn.hr\/clanci\/sluzbeni\/1990_12_56_1092.html\" target=\"_blank\" rel=\"noopener noreferrer\">56\/1990<\/a>,\u00a0<a class=\"outlink\" href=\"http:\/\/narodne-novine.nn.hr\/clanci\/sluzbeni\/1997_12_135_1944.html\" target=\"_blank\" rel=\"noopener noreferrer\">135\/1997<\/a>,\u00a0<a class=\"outlink\" href=\"http:\/\/narodne-novine.nn.hr\/clanci\/sluzbeni\/1998_01_8_121.html\" target=\"_blank\" rel=\"noopener noreferrer\">8\/1998 &#8211; pro\u010di\u0161\u0107eni tekst<\/a>,\u00a0<a class=\"outlink\" href=\"http:\/\/narodne-novine.nn.hr\/clanci\/sluzbeni\/2000_11_113_2224.html\" target=\"_blank\" rel=\"noopener noreferrer\">113\/2000<\/a>,\u00a0<a class=\"outlink\" href=\"http:\/\/narodne-novine.nn.hr\/clanci\/sluzbeni\/2000_12_124_2332.html\" target=\"_blank\" rel=\"noopener noreferrer\">124\/2000 &#8211; pro\u010di\u0161\u0107eni tekst<\/a>,\u00a0<a class=\"outlink\" href=\"http:\/\/narodne-novine.nn.hr\/clanci\/sluzbeni\/2001_04_28_487.html\" target=\"_blank\" rel=\"noopener noreferrer\">28\/2001<\/a>,\u00a0<a class=\"outlink\" href=\"http:\/\/narodne-novine.nn.hr\/clanci\/sluzbeni\/2001_05_41_705.html\" target=\"_blank\" rel=\"noopener noreferrer\">41\/2001- pro\u010di\u0161\u0107eni tekst<\/a>,\u00a0<a class=\"outlink\" href=\"http:\/\/narodne-novine.nn.hr\/clanci\/sluzbeni\/2001_06_55_883.html\" target=\"_blank\" rel=\"noopener noreferrer\">55\/2001 -ispr.<\/a>,\u00a0<a class=\"outlink\" href=\"http:\/\/narodne-novine.nn.hr\/clanci\/sluzbeni\/2010_06_76_2214.html\" target=\"_blank\" rel=\"noopener noreferrer\">76\/2010<\/a>,\u00a0<a class=\"outlink\" href=\"http:\/\/narodne-novine.nn.hr\/clanci\/sluzbeni\/2010_07_85_2422.html\" target=\"_blank\" rel=\"noopener noreferrer\">85\/2010-pro\u010di\u0161\u0107eni tekst<\/a>\u00a0i\u00a0<a class=\"outlink\" href=\"https:\/\/narodne-novine.nn.hr\/clanci\/sluzbeni\/2014_01_5_93.html\" target=\"_blank\" rel=\"noopener noreferrer\">05\/2014<\/a><\/td>\n<\/tr>\n<tr>\n<td>Temeljni zakon<\/td>\n<td>Zakon o odgoju i obrazovanju u osnovnoj i srednjoj \u0161koli<\/td>\n<td>Narodne novine br.:<br \/>\n<a class=\"outlink\" href=\"http:\/\/narodne-novine.nn.hr\/clanci\/sluzbeni\/2008_07_87_2789.html\" target=\"_blank\" rel=\"noopener noreferrer\">87\/2008<\/a>,\u00a0<a class=\"outlink\" href=\"http:\/\/narodne-novine.nn.hr\/clanci\/sluzbeni\/2009_07_86_2125.html\" target=\"_blank\" rel=\"noopener noreferrer\">86\/2009<\/a>,\u00a0<a class=\"outlink\" href=\"http:\/\/narodne-novine.nn.hr\/clanci\/sluzbeni\/2010_07_92_2593.html\" target=\"_blank\" rel=\"noopener noreferrer\">92\/2010<\/a>,\u00a0<a class=\"outlink\" href=\"http:\/\/narodne-novine.nn.hr\/clanci\/sluzbeni\/2010_09_105_2839.html\" target=\"_blank\" rel=\"noopener noreferrer\">ispr. -105\/2010<\/a>,\u00a0<a class=\"outlink\" href=\"http:\/\/narodne-novine.nn.hr\/clanci\/sluzbeni\/2011_08_90_1927.html\" target=\"_blank\" rel=\"noopener noreferrer\">90\/2011<\/a>,\u00a0<a class=\"outlink\" href=\"http:\/\/narodne-novine.nn.hr\/clanci\/sluzbeni\/2012_02_16_442.html\" target=\"_blank\" rel=\"noopener noreferrer\">16\/2012<\/a>,\u00a0\u00a0<a class=\"outlink\" href=\"http:\/\/narodne-novine.nn.hr\/clanci\/sluzbeni\/2012_07_86_1967.html\" target=\"_blank\" rel=\"noopener noreferrer\">86\/2012<\/a> &#8211; pro\u010di\u0161\u0107eni tekst, <a class=\"outlink\" href=\"http:\/\/narodne-novine.nn.hr\/clanci\/sluzbeni\/2013_07_94_2131.html\" target=\"_blank\" rel=\"noopener noreferrer\">94\/2013<\/a>,\u00a0<a class=\"outlink\" href=\"http:\/\/narodne-novine.nn.hr\/clanci\/sluzbeni\/2014_12_152_2864.html\" target=\"_blank\" rel=\"noopener noreferrer\">152\/2014<\/a>,\u00a0<u><a class=\"outlink\" href=\"http:\/\/narodne-novine.nn.hr\/clanci\/sluzbeni\/full\/2017_01_7_210.html\" target=\"_blank\" rel=\"noopener noreferrer\">7\/2017<\/a><\/u>, <a class=\"outlink\" href=\"https:\/\/narodne-novine.nn.hr\/clanci\/sluzbeni\/2018_07_68_1398.html\" target=\"_blank\" rel=\"noopener noreferrer\">68\/2018<\/a>, <a class=\"outlink\" href=\"https:\/\/narodne-novine.nn.hr\/clanci\/sluzbeni\/2019_10_98_1956.html\" target=\"_blank\" rel=\"noopener noreferrer\">98\/2019<\/a>, <a href=\"https:\/\/narodne-novine.nn.hr\/clanci\/sluzbeni\/2020_05_64_1270.html\">64\/2020<\/a>, <a href=\"https:\/\/narodne-novine.nn.hr\/clanci\/sluzbeni\/2022_12_151_2341.html\">151\/2022<\/a>, <a href=\"https:\/\/narodne-novine.nn.hr\/clanci\/sluzbeni\/2023_12_156_2387.html\">156\/2023<\/a><\/td>\n<\/tr>\n<tr>\n<td>Zakon<\/td>\n<td>Zakon o ustanovama<\/td>\n<td>Narodne novine br.:<br \/>\n<a class=\"outlink\" href=\"http:\/\/narodne-novine.nn.hr\/clanci\/sluzbeni\/1993_08_76_1548.html\" target=\"_blank\" rel=\"noopener noreferrer\">76\/1993<\/a>,\u00a0<a class=\"outlink\" href=\"http:\/\/narodne-novine.nn.hr\/clanci\/sluzbeni\/1997_03_29_427.html\" target=\"_blank\" rel=\"noopener noreferrer\">29\/1997<\/a>,\u00a0<a class=\"outlink\" href=\"http:\/\/narodne-novine.nn.hr\/clanci\/sluzbeni\/1999_05_47_924.html\" target=\"_blank\" rel=\"noopener noreferrer\">47\/1999<\/a>\u00a0i\u00a0<a class=\"outlink\" href=\"http:\/\/narodne-novine.nn.hr\/clanci\/sluzbeni\/2008_03_35_1142.html\" target=\"_blank\" rel=\"noopener noreferrer\">35\/2008<\/a><\/td>\n<\/tr>\n<tr>\n<td>Zakon<\/td>\n<td>Zakon o Hrvatskom kvalifikacijskom okviru<\/td>\n<td>Narodne novine br.:<br \/>\n<a class=\"outlink\" href=\"http:\/\/narodne-novine.nn.hr\/clanci\/sluzbeni\/2013_02_22_359.html\" target=\"_blank\" rel=\"noopener noreferrer\">22\/2013<\/a>,\u00a0<a class=\"outlink\" href=\"https:\/\/narodne-novine.nn.hr\/clanci\/sluzbeni\/2016_05_41_1090.html\" target=\"_blank\" rel=\"noopener noreferrer\">U-I-351\/2016<\/a>\u00a0i\u00a0<a class=\"outlink\" href=\"https:\/\/narodne-novine.nn.hr\/clanci\/sluzbeni\/2018_07_64_1309.html\" target=\"_blank\" rel=\"noopener noreferrer\">64\/2018<\/a><\/td>\n<\/tr>\n<tr>\n<td>Zakon<\/td>\n<td>Zakon o op\u0107em upravnom postupku<\/td>\n<td>Narodne novine br.:<br \/>\n<a class=\"outlink\" href=\"https:\/\/narodne-novine.nn.hr\/clanci\/sluzbeni\/2009_04_47_1065.html\" target=\"_blank\" rel=\"noopener noreferrer\">47\/2009<\/a><\/td>\n<\/tr>\n<tr>\n<td>Zakon<\/td>\n<td>Zakon o upravnim pristojbama<\/td>\n<td>Narodne novine br.:<br \/>\n<a class=\"outlink\" href=\"https:\/\/narodne-novine.nn.hr\/clanci\/sluzbeni\/2016_12_115_2521.html\" target=\"_blank\" rel=\"noopener noreferrer\">115\/2016<\/a><\/td>\n<\/tr>\n<tr>\n<td>Zakon<\/td>\n<td>Zakon o priznavanju inozemnih obrazovnih kvalifikacija<\/td>\n<td>Narodne novine br.:<br \/>\n<a class=\"outlink\" href=\"http:\/\/narodne-novine.nn.hr\/clanci\/sluzbeni\/2003_10_158_2258.html\" target=\"_blank\" rel=\"noopener noreferrer\">158\/2003<\/a>,\u00a0<a class=\"outlink\" href=\"http:\/\/narodne-novine.nn.hr\/clanci\/sluzbeni\/2003_12_198_3154.html\" target=\"_blank\" rel=\"noopener noreferrer\">198\/2003<\/a>,\u00a0<a class=\"outlink\" href=\"http:\/\/narodne-novine.nn.hr\/clanci\/sluzbeni\/2006_12_138_3114.html\" target=\"_blank\" rel=\"noopener noreferrer\">138\/2006<\/a>\u00a0i\u00a0<a class=\"outlink\" href=\"http:\/\/narodne-novine.nn.hr\/clanci\/sluzbeni\/2011_04_45_1051.html\" target=\"_blank\" rel=\"noopener noreferrer\">45\/2011<\/a><\/td>\n<\/tr>\n<tr>\n<td>Zakon<\/td>\n<td>Zakon o reguliranim profesijama i priznavanju inozemnih stru\u010dnih kvalifikacija<\/td>\n<td>Narodne novine, br.:<br \/>\n<a class=\"outlink\" href=\"https:\/\/narodne-novine.nn.hr\/clanci\/sluzbeni\/2015_07_82_1569.html\" target=\"_blank\" rel=\"noopener noreferrer\">82\/2015<\/a>\u00a0i\u00a0<a class=\"outlink\" href=\"https:\/\/narodne-novine.nn.hr\/clanci\/sluzbeni\/2019_07_70_1452.html\" target=\"_blank\" rel=\"noopener noreferrer\">70\/2019<\/a><\/td>\n<\/tr>\n<tr>\n<td>Zakon<\/td>\n<td>Zakon o knji\u017enicama i knji\u017eni\u010dnoj djelatnosti<\/td>\n<td>Narodne novine br.:<br \/>\n<a class=\"outlink\" href=\"https:\/\/narodne-novine.nn.hr\/clanci\/sluzbeni\/2019_02_17_356.html\" target=\"_blank\" rel=\"noopener noreferrer\">17\/2019<\/a><\/td>\n<\/tr>\n<tr>\n<td>Zakon<\/td>\n<td>Zakon o Nacionalnom centru za vanjsko vrednovanje obrazovanja<\/td>\n<td>Narodne novine br.:<br \/>\n<a class=\"outlink\" href=\"http:\/\/narodne-novine.nn.hr\/clanci\/sluzbeni\/2004_10_151_2623.html\" target=\"_blank\" rel=\"noopener noreferrer\">151\/2004<\/a><\/td>\n<\/tr>\n<tr>\n<td>Zakon<\/td>\n<td>Zakon o ud\u017ebenicima i drugim obrazovnim materijalima<br \/>\nza osnovnu i srednju \u0161kolu<\/td>\n<td>Narodne novine br.:<br \/>\n<a class=\"outlink\" href=\"https:\/\/narodne-novine.nn.hr\/clanci\/sluzbeni\/2018_12_116_2288.html\" target=\"_blank\" rel=\"noopener noreferrer\">116\/2018<\/a><\/td>\n<\/tr>\n<tr>\n<td>Zakon<\/td>\n<td>Zakon o stru\u010dno-pedago\u0161kom nadzoru<\/td>\n<td>Narodne novine br.:<br \/>\n<a class=\"outlink\" href=\"http:\/\/narodne-novine.nn.hr\/clanci\/sluzbeni\/1997_07_73_1256.html\" target=\"_blank\" rel=\"noopener noreferrer\">73\/1997<\/a><\/td>\n<\/tr>\n<tr>\n<td>Zakon<\/td>\n<td>Zakon o Agenciji za odgoj i obrazovanje<\/td>\n<td>Narodne novine br.:<br \/>\n<a class=\"outlink\" href=\"http:\/\/narodne-novine.nn.hr\/clanci\/sluzbeni\/127763.html\" target=\"_blank\" rel=\"noopener noreferrer\">85\/2006<\/a><\/td>\n<\/tr>\n<tr>\n<td>Zakon<\/td>\n<td>Zakon o prosvjetnoj inspekciji<\/td>\n<td>Narodne novine br.:<br \/>\n<a class=\"outlink\" href=\"http:\/\/narodne-novine.nn.hr\/clanci\/sluzbeni\/2011_06_61_1351.html\" target=\"_blank\" rel=\"noopener noreferrer\">61\/2011<\/a>\u00a0i\u00a0<a class=\"outlink\" href=\"http:\/\/narodne-novine.nn.hr\/clanci\/sluzbeni\/2012_02_16_443.html\" target=\"_blank\" rel=\"noopener noreferrer\">16\/2012<\/a><\/td>\n<\/tr>\n<tr>\n<td>Zakon<\/td>\n<td>Zakon o \u00bbNagradi Ivan Filipovi\u0107<strong>\u00ab<\/strong><\/td>\n<td>Narodne novine br.:<br \/>\n<a class=\"outlink\" href=\"http:\/\/narodne-novine.nn.hr\/clanci\/sluzbeni\/1991_11_61_1599.html\" target=\"_blank\" rel=\"noopener noreferrer\">61\/1991<\/a>\u00a0i\u00a0<a class=\"outlink\" href=\"http:\/\/narodne-novine.nn.hr\/clanci\/sluzbeni\/2009_12_149_3638.html\" target=\"_blank\" rel=\"noopener noreferrer\">149\/2009<\/a><\/td>\n<\/tr>\n<tr>\n<td>Zakon<\/td>\n<td>Zakon o provedbi Op\u0107e uredbe o za\u0161titi podataka<\/td>\n<td>Narodne novine br.:<br \/>\n<a class=\"outlink\" href=\"https:\/\/narodne-novine.nn.hr\/clanci\/sluzbeni\/2018_05_42_805.html\" target=\"_blank\" rel=\"noopener noreferrer\">42\/2018<\/a><\/td>\n<\/tr>\n<tr>\n<td>Zakon<\/td>\n<td>Zakon o ograni\u010davanju uporabe duhanskih i srodnih proizvoda<\/td>\n<td>Narodne novine br.:<br \/>\n<a class=\"outlink\" href=\"https:\/\/narodne-novine.nn.hr\/clanci\/sluzbeni\/2017_05_45_1047.html\" target=\"_blank\" rel=\"noopener noreferrer\">45\/2017<\/a>\u00a0i\u00a0<a class=\"outlink\" href=\"https:\/\/narodne-novine.nn.hr\/clanci\/sluzbeni\/2018_12_114_2200.html\" target=\"_blank\" rel=\"noopener noreferrer\">114\/2018<\/a><\/td>\n<\/tr>\n<tr>\n<td>Zakon<\/td>\n<td>Zakon o azilu<\/td>\n<td>Narodne novine br.:<br \/>\n<a class=\"outlink\" href=\"http:\/\/narodne-novine.nn.hr\/clanci\/sluzbeni\/2007_07_79_2474.html\">79\/2007<\/a>,\u00a0<a class=\"outlink\" href=\"http:\/\/narodne-novine.nn.hr\/clanci\/sluzbeni\/2010_07_88_2462.html\">88\/2010<\/a>\u00a0i\u00a0<a class=\"outlink\" href=\"http:\/\/narodne-novine.nn.hr\/clanci\/sluzbeni\/2013_12_143_3067.html\">143\/2013<\/a><\/td>\n<\/tr>\n<tr>\n<td>Zakon<\/td>\n<td>Zakon o strancima<\/td>\n<td>Narodne novine br.:<br \/>\n<a class=\"outlink\" href=\"http:\/\/narodne-novine.nn.hr\/clanci\/sluzbeni\/2011_11_130_2600.html\" target=\"_blank\" rel=\"noopener noreferrer\">130\/2011<\/a>,\u00a0<a class=\"outlink\" href=\"http:\/\/narodne-novine.nn.hr\/clanci\/sluzbeni\/2013_06_74_1475.html\" target=\"_blank\" rel=\"noopener noreferrer\">74\/2013<\/a>,\u00a0<a class=\"outlink\" href=\"https:\/\/narodne-novine.nn.hr\/clanci\/sluzbeni\/2017_07_69_1605.html\" target=\"_blank\" rel=\"noopener noreferrer\">69\/2017<\/a>\u00a0i\u00a0<a class=\"outlink\" href=\"https:\/\/narodne-novine.nn.hr\/clanci\/sluzbeni\/2018_05_46_860.html\" target=\"_blank\" rel=\"noopener noreferrer\">46\/2018<\/a><\/td>\n<\/tr>\n<tr>\n<td>Pravilnik<\/td>\n<td>Pravilnik o nagra\u0111ivanju u\u010ditelja, nastavnika,<br \/>\nstru\u010dnih suradnika i ravnatelja<br \/>\nu osnovnim i srednjim \u0161kolama te u\u010deni\u010dkim domovima<\/td>\n<td>Narodne novine br.:<br \/>\n<a class=\"outlink\" href=\"https:\/\/narodne-novine.nn.hr\/clanci\/sluzbeni\/2019_05_53_1019.html\" target=\"_blank\" rel=\"noopener noreferrer\">53\/2019<\/a><\/td>\n<\/tr>\n<tr>\n<td>Pravilnik<\/td>\n<td>Pravilnik o napredovanju u\u010ditelja, nastavnika,<br \/>\nstru\u010dnih suradnika i ravnatelja<br \/>\nu osnovnim i srednjim \u0161kolama i u\u010deni\u010dkim domovima<\/td>\n<td>Narodne novine br.:<br \/>\n<a class=\"outlink\" href=\"https:\/\/narodne-novine.nn.hr\/clanci\/sluzbeni\/2019_07_68_1372.html\" target=\"_blank\" rel=\"noopener noreferrer\">68\/2019<\/a><\/td>\n<\/tr>\n<tr>\n<td>Pravlnik<\/td>\n<td>Pravilnik o ud\u017ebeni\u010dkom standardu<br \/>\nte \u010dlanovima stru\u010dnih povjerenstva<br \/>\nza procjenu ud\u017ebenika i drugih obrazovnih materijala<\/td>\n<td>Narodne novine br.:<br \/>\n<a class=\"outlink\" href=\"https:\/\/narodne-novine.nn.hr\/clanci\/sluzbeni\/2019_01_9_196.html\" target=\"_blank\" rel=\"noopener noreferrer\">9\/2019<\/a><\/td>\n<\/tr>\n<tr>\n<td>Pravilnik<\/td>\n<td>Pravilnik o utvr\u0111ivanju psihofizi\u010dkog stanja djeteta,<br \/>\nu\u010denika te sastavu stru\u010dnih povjerenstava<\/td>\n<td>Narodne novine br.:<br \/>\n<a class=\"outlink\" href=\"http:\/\/narodne-novine.nn.hr\/clanci\/sluzbeni\/2014_06_67_1279.html\" target=\"_blank\" rel=\"noopener noreferrer\">67\/2014<\/a><\/td>\n<\/tr>\n<tr>\n<td>Pravilnik<\/td>\n<td>Pravilnik o na\u010dinima, postupcima i elementima vrednovanja u\u010denika u osnovnoj i srednjoj \u0161koli<\/td>\n<td>Narodne novine br.:<br \/>\n<a class=\"outlink\" href=\"http:\/\/narodne-novine.nn.hr\/clanci\/sluzbeni\/2010_09_112_2973.html\" target=\"_blank\" rel=\"noopener noreferrer\">112\/2010<\/a>\u00a0i\u00a0<a class=\"outlink\" href=\"https:\/\/narodne-novine.nn.hr\/clanci\/sluzbeni\/2019_09_82_1709.html\" target=\"_blank\" rel=\"noopener noreferrer\">82\/2019<\/a><\/td>\n<\/tr>\n<tr>\n<td>Pravilnik<\/td>\n<td>Pravilnik o vje\u017ebaonicama u osnovnoj \u0161koli<\/td>\n<td>Narodne novine br.:<br \/>\n<a class=\"outlink\" href=\"http:\/\/narodne-novine.nn.hr\/clanci\/sluzbeni\/1991_03_13_369.html\" target=\"_blank\" rel=\"noopener noreferrer\">40\/1991<\/a><\/td>\n<\/tr>\n<tr>\n<td>Pravilnik<\/td>\n<td>Pravilnik o osnovno\u0161kolskom i srednjo\u0161kolskom odgoju i obrazovanju<br \/>\nu\u010denika s te\u0161ko\u0107ama u razvoju<\/td>\n<td>Narodne novine br.:<br \/>\n<a class=\"outlink\" href=\"https:\/\/narodne-novine.nn.hr\/clanci\/sluzbeni\/2015_03_24_510.html\" target=\"_blank\" rel=\"noopener noreferrer\">24\/2015<\/a><\/td>\n<\/tr>\n<tr>\n<td>Pravilnik<\/td>\n<td>Pravilnik o pomo\u0107nicima u nastavi i stru\u010dnim komunikacijskim posrednicima<\/td>\n<td>Narodne novine br.:<br \/>\n<a class=\"outlink\" href=\"https:\/\/narodne-novine.nn.hr\/clanci\/sluzbeni\/2018_11_102_1992.html\" target=\"_blank\" rel=\"noopener noreferrer\">102\/2018<\/a>\u00a0i\u00a0<a class=\"outlink\" href=\"https:\/\/narodne-novine.nn.hr\/clanci\/sluzbeni\/2019_06_59_1140.html\" target=\"_blank\" rel=\"noopener noreferrer\">59\/2019<\/a><\/td>\n<\/tr>\n<tr>\n<td>Pravilnik<\/td>\n<td>Pravilnik o kriterijima za izricanje pedago\u0161kih mjera<\/td>\n<td>Narodne novine br.:<br \/>\n<a class=\"outlink\" href=\"https:\/\/narodne-novine.nn.hr\/clanci\/sluzbeni\/2015_09_94_1818.html\" target=\"_blank\" rel=\"noopener noreferrer\">94\/2015<\/a>\u00a0i\u00a0<a class=\"outlink\" href=\"https:\/\/narodne-novine.nn.hr\/clanci\/sluzbeni\/2017_01_3_125.html\" target=\"_blank\" rel=\"noopener noreferrer\">3\/2017<\/a><\/td>\n<\/tr>\n<tr>\n<td>Pravilnik<\/td>\n<td>Pravilnik o osnovno\u0161kolskom odgoju i obrazovanju darovitih u\u010denika<\/td>\n<td>Narodne novine br.:<br \/>\n<a class=\"outlink\" href=\"http:\/\/narodne-novine.nn.hr\/clanci\/sluzbeni\/1991_07_34_967.html\" target=\"_blank\" rel=\"noopener noreferrer\">34\/1991<\/a><\/td>\n<\/tr>\n<tr>\n<td>Pravilnik<\/td>\n<td>Pravilnik o tjednim radnim obvezama u\u010ditelja i<br \/>\nstru\u010dnih suradnika u osnovnoj \u0161koli<\/td>\n<td>Narodne novine br.:<br \/>\n<a class=\"outlink\" href=\"http:\/\/narodne-novine.nn.hr\/clanci\/sluzbeni\/2014_03_34_613.html\" target=\"_blank\" rel=\"noopener noreferrer\">34\/2014<\/a>,\u00a0<a class=\"outlink\" href=\"http:\/\/narodne-novine.nn.hr\/clanci\/sluzbeni\/2014_03_40_722.html\" target=\"_blank\" rel=\"noopener noreferrer\">40\/2014<\/a>\u00a0i\u00a0<a class=\"outlink\" href=\"http:\/\/narodne-novine.nn.hr\/clanci\/sluzbeni\/2014_08_103_2004.html\" target=\"_blank\" rel=\"noopener noreferrer\">103\/2014<\/a><\/td>\n<\/tr>\n<tr>\n<td>Pravilnik<\/td>\n<td>Pravilnik o izmjenama i dopunama Pravilnika o tjednim radnim obvezama u\u010ditelja i stru\u010dnih suradnika u osnovnim \u0161kolama<\/td>\n<td>Narodne novine br.:<br \/>\n<a class=\"outlink\" href=\"https:\/\/narodne-novine.nn.hr\/clanci\/sluzbeni\/2019_10_102_2060.html\" target=\"_blank\" rel=\"noopener noreferrer\">102\/19<\/a><\/td>\n<\/tr>\n<tr>\n<td>Pravilnik<\/td>\n<td>Pravilnik o izvo\u0111enju izleta, ekskurzija i drugih odgojno-obrazovnih aktivnosti izvan \u0161kole<\/td>\n<td>Narodne novine, br.:<br \/>\n<a class=\"outlink\" href=\"http:\/\/narodne-novine.nn.hr\/clanci\/sluzbeni\/2014_06_67_1280.html\" target=\"_blank\" rel=\"noopener noreferrer\">67\/2014<\/a>\u00a0i\u00a0<a class=\"outlink\" href=\"https:\/\/narodne-novine.nn.hr\/clanci\/sluzbeni\/2015_07_81_1561.html\" target=\"_blank\" rel=\"noopener noreferrer\">81\/2015<\/a><\/td>\n<\/tr>\n<tr>\n<td>Pravilnik<\/td>\n<td>Pravilnik o djelokrugu rada tajnika te administrativno-tehni\u010dkim i pomo\u0107nim poslovima koji se obavljaju u osnovnoj \u0161koli<\/td>\n<td>Narodne novine br.:<br \/>\n<a class=\"outlink\" href=\"http:\/\/narodne-novine.nn.hr\/clanci\/sluzbeni\/2014_03_40_713.html\" target=\"_blank\" rel=\"noopener noreferrer\">40\/2014<\/a><\/td>\n<\/tr>\n<tr>\n<td>Pravilnik<\/td>\n<td>Pravilnik o na\u010dinima, postupcima i elementima vrednovanja u\u010denika u osnovnoj i srednjoj \u0161koli<\/td>\n<td>Narodne novine br.:<br \/>\n<a class=\"outlink\" href=\"https:\/\/narodne-novine.nn.hr\/clanci\/sluzbeni\/2010_09_112_2973.html\" target=\"_blank\" rel=\"noopener noreferrer\">112\/2010<\/a>\u00a0 i\u00a0\u00a0<a class=\"outlink\" href=\"https:\/\/narodne-novine.nn.hr\/clanci\/sluzbeni\/2019_09_82_1709.html\" target=\"_blank\" rel=\"noopener noreferrer\">82\/2019<\/a><\/td>\n<\/tr>\n<tr>\n<td>Pravilnik<\/td>\n<td>Pravilnik o odgovaraju\u0107oj vrsti obrazovanja u\u010ditelja i stru\u010dnih suradnika u osnovnoj \u0161koli<\/td>\n<td>Narodne novine br.:<br \/>\n<a class=\"outlink\" href=\"https:\/\/narodne-novine.nn.hr\/clanci\/sluzbeni\/2019_01_6_137.html\" target=\"_blank\" rel=\"noopener noreferrer\">6\/2019<\/a><\/td>\n<\/tr>\n<tr>\n<td>Pravilnik<\/td>\n<td>Pravilnik o broju u\u010denika u redovitom i kombiniranom razrednom odjelu i odgojno-obrazovnoj skupini u osnovnoj \u0161koli<\/td>\n<td>Narodne novine br.:<br \/>\n<a class=\"outlink\" href=\"http:\/\/narodne-novine.nn.hr\/clanci\/sluzbeni\/2009_10_124_3065.html\" target=\"_blank\" rel=\"noopener noreferrer\">124\/2009<\/a>\u00a0i\u00a0<a class=\"outlink\" href=\"http:\/\/narodne-novine.nn.hr\/clanci\/sluzbeni\/2010_06_73_2178.html\" target=\"_blank\" rel=\"noopener noreferrer\">73\/2010<\/a><\/td>\n<\/tr>\n<tr>\n<td>Pravilnik<\/td>\n<td>Pravilnik o zajedni\u010dkome upisniku \u0161kolskih ustanova<br \/>\nu elektroni\u010dkome obliku \u2013 e-Matici<\/td>\n<td>Narodne novine br.:<br \/>\n<a class=\"outlink\" href=\"https:\/\/narodne-novine.nn.hr\/clanci\/sluzbeni\/2015_08_86_1694.html\" target=\"_blank\" rel=\"noopener noreferrer\">86\/2015<\/a>\u00a0i\u00a0<a class=\"outlink\" href=\"https:\/\/narodne-novine.nn.hr\/clanci\/sluzbeni\/2019_08_76_1606.html\" target=\"_blank\" rel=\"noopener noreferrer\">76\/2019<\/a><\/td>\n<\/tr>\n<tr>\n<td>Pravilnik<\/td>\n<td>Pravilnik o evidenciji radnog vremena za radnike u \u0161kolskim ustanovama<\/td>\n<td>Narodne novine br.:<br \/>\n<a class=\"outlink\" href=\"http:\/\/narodne-novine.nn.hr\/clanci\/sluzbeni\/2011_12_144_2917.html\" target=\"_blank\" rel=\"noopener noreferrer\">144\/2011<\/a><\/td>\n<\/tr>\n<tr>\n<td>Pravilnik<\/td>\n<td>Pravilnik o polaganju stru\u010dnog ispita u\u010ditelja i stru\u010dnih suradnika u osnovnom \u0161kolstvu i nastavnika u srednjem \u0161kolstvu<\/td>\n<td>Narodne novine br.:<br \/>\n<a class=\"outlink\" href=\"http:\/\/narodne-novine.nn.hr\/clanci\/sluzbeni\/2003_05_88_1135.html\" target=\"_blank\" rel=\"noopener noreferrer\">88\/2003<\/a><\/td>\n<\/tr>\n<tr>\n<td>Pravilnik<\/td>\n<td>Pravilnik o pedago\u0161koj dokumentaciji i evidenciji te javnim ispravama u \u0161kolskim ustanovama<\/td>\n<td>Narodne novine br.:<br \/>\n<a class=\"outlink\" href=\"https:\/\/narodne-novine.nn.hr\/clanci\/sluzbeni\/2017_05_47_1108.html\" target=\"_blank\" rel=\"noopener noreferrer\">47\/2017<\/a>,\u00a0<a class=\"outlink\" href=\"https:\/\/narodne-novine.nn.hr\/clanci\/sluzbeni\/2019_04_41_846.html\" target=\"_blank\" rel=\"noopener noreferrer\">41\/2019<\/a>\u00a0i\u00a0<a class=\"outlink\" href=\"https:\/\/narodne-novine.nn.hr\/clanci\/sluzbeni\/2019_08_76_1605.html\" target=\"_blank\" rel=\"noopener noreferrer\">76\/2019<\/a><\/td>\n<\/tr>\n<tr>\n<td>Pravilnik<\/td>\n<td>Pravilnik o na\u010dinu provedbe vanjskog vrjednovanja i kori\u0161tenju rezultata vanjskog vrjednovanja \u0161kolskih ustanova<\/td>\n<td>Narodne novine br.:<br \/>\n<a class=\"outlink\" href=\"http:\/\/www.propisi.hr\/print.php?id=10905\" target=\"_blank\" rel=\"noopener noreferrer\">23\/2011<\/a><\/td>\n<\/tr>\n<tr>\n<td>Pravilnik<\/td>\n<td>Pravilnik o na\u010dinu i postupku utvr\u0111ivanja uvjeta<br \/>\nza po\u010detak rada \u0161kolske ustanove<\/td>\n<td>Narodne novine br.:<br \/>\n<a class=\"outlink\" href=\"http:\/\/narodne-novine.nn.hr\/clanci\/sluzbeni\/2009_11_141_3451.html\" target=\"_blank\" rel=\"noopener noreferrer\">141\/2009<\/a><\/td>\n<\/tr>\n<tr>\n<td>Pravilnik<\/td>\n<td>Pravilnik o provo\u0111enju pripremne i dopunske nastave<br \/>\nza u\u010denike koji ne znaju ili nedostatno znaju hrvatski jezik i nastave materinskoga jezika i kulture dr\u017eave podrijetla u\u010denika<\/td>\n<td>Narodne novine br.:<br \/>\n<a class=\"outlink\" href=\"http:\/\/narodne-novine.nn.hr\/clanci\/sluzbeni\/2013_02_15_252.html\" target=\"_blank\" rel=\"noopener noreferrer\">15\/2013<\/a><\/td>\n<\/tr>\n<tr>\n<td>Pravilnik<\/td>\n<td>Pravilnik o na\u010dinu postupanja odgojno-obrazovnih<br \/>\nradnika \u0161kolskih ustanova u poduzimanju mjera za\u0161tite prava u\u010denika te prijave svakog kr\u0161enja tih prava nadle\u017enim tijelima<\/td>\n<td>Narodne novine br.:<br \/>\n<a class=\"outlink\" href=\"http:\/\/narodne-novine.nn.hr\/clanci\/sluzbeni\/2013_11_132_2874.html\" target=\"_blank\" rel=\"noopener noreferrer\">132\/2013<\/a><\/td>\n<\/tr>\n<tr>\n<td>Pravilnik<\/td>\n<td>Pravilnik o registru Hrvatskog kvalifikacijskog okvira<\/td>\n<td>Narodne novine br.:<br \/>\n<a class=\"outlink\" href=\"http:\/\/narodne-novine.nn.hr\/clanci\/sluzbeni\/2014_05_62_1161.html\" target=\"_blank\" rel=\"noopener noreferrer\">62\/2014<\/a><\/td>\n<\/tr>\n<tr>\n<td>Pravilnik<\/td>\n<td>Pravilnik o uvjetima i na\u010dinu stjecanja<br \/>\nstru\u010dnih zvanja u knji\u017eni\u010darskoj struci<\/td>\n<td>Narodne novine br.:<br \/>\n<a class=\"outlink\" href=\"http:\/\/narodne-novine.nn.hr\/clanci\/sluzbeni\/2011_03_28_584.html\">28\/2011<\/a>,\u00a0<a class=\"outlink\" href=\"http:\/\/narodne-novine.nn.hr\/clanci\/sluzbeni\/2014_02_16_333.html\">16\/2014<\/a>,\u00a0<a class=\"outlink\" href=\"http:\/\/narodne-novine.nn.hr\/clanci\/sluzbeni\/2014_05_60_1133.html\">60\/2014-ispr.<\/a>\u00a0i\u00a0<a class=\"outlink\" href=\"https:\/\/narodne-novine.nn.hr\/clanci\/sluzbeni\/2017_05_47_1105.html\">47\/2017<\/a><\/td>\n<\/tr>\n<tr>\n<td>Pravilnik<\/td>\n<td>Pravilnik o provo\u0111enju pripremne i dopunske nastave<br \/>\nza u\u010denike koji ne znaju ili nedostatno poznaju hrvatski jezik i nastave materinskog jezika i kulture dr\u017eave podrijetla u\u010denika<\/td>\n<td>Narodne novine br.:<br \/>\n<a class=\"outlink\" href=\"http:\/\/narodne-novine.nn.hr\/clanci\/sluzbeni\/2013_02_15_252.html\" target=\"_blank\" rel=\"noopener noreferrer\">15\/2013<\/a><\/td>\n<\/tr>\n<tr>\n<td>Pravilnik<\/td>\n<td>Pravilnik o na\u010dinu provo\u0111enja programa i provjeri znanja<br \/>\ntra\u017eitelja azila, azilanata i stranaca pod privremenom za\u0161titom i stranaca pod supsidijarnom za\u0161titom,<br \/>\nradi pristupa obrazovnom sustavu Republike Hrvatske<\/td>\n<td>Narodne novine br.:<br \/>\n<a class=\"outlink\" href=\"http:\/\/narodne-novine.nn.hr\/clanci\/sluzbeni\/2008_07_89_2847.html\" target=\"_blank\" rel=\"noopener noreferrer\">89\/2008<\/a><\/td>\n<\/tr>\n<tr>\n<td>Pravilnik<\/td>\n<td>Pravilnik o uvjetima i postupku izbora u\u010ditelja za rad u hrvatskoj nastavi u inozemstvu<\/td>\n<td>Narodne novine br.:<br \/>\n<a class=\"outlink\" href=\"http:\/\/narodne-novine.nn.hr\/clanci\/sluzbeni\/2009_04_41_934.html\" target=\"_blank\" rel=\"noopener noreferrer\">41\/2009<\/a><\/td>\n<\/tr>\n<tr>\n<td>Pravilnik<\/td>\n<td>Pravilnik o uvjetima koje moraju ispunjavati vozila kojima se prevoze djeca<\/td>\n<td>Narodne novine br.:<br \/>\n<a class=\"outlink\" href=\"http:\/\/narodne-novine.nn.hr\/clanci\/sluzbeni\/2006_01_8_186.html\" target=\"_blank\" rel=\"noopener noreferrer\">8\/2006<\/a><\/td>\n<\/tr>\n<tr>\n<td>Protokol<\/td>\n<td>Protokol o postupanju u slu\u010daju nasilja u obitelji<\/td>\n<td><a class=\"outlink\" href=\"https:\/\/mdomsp.gov.hr\/userdocsimages\/arhiva\/files\/65146\/Protokolopostupanjuuslucajunasiljauobitelji.pdf\" target=\"_blank\" rel=\"noopener noreferrer\">Ministarstvo za demografiju, obitelj, mlade i socijalnu politiku<\/a><\/td>\n<\/tr>\n<tr>\n<td>Protokol<\/td>\n<td>Protokol o postupanju u slu\u010daju nasilja me\u0111u djecom i mladima<\/td>\n<td><a class=\"outlink\" href=\"https:\/\/mdomsp.gov.hr\/userdocsimages\/arhiva\/files\/62300\/Protokol%20o%20postupanju%20u%20slucaju%20nasilja%20medju%20djecom%20i%20mladima.pdf\" target=\"_blank\" rel=\"noopener noreferrer\">Ministarstvo za demografiju, obitelj, mlade i socijalnu politiku<\/a><\/td>\n<\/tr>\n<tr>\n<td>Protokol<\/td>\n<td>Protokol o postupanju u slu\u010daju seksualnog nasilja<\/td>\n<td>Narodne novine br.:<br \/>\n<a class=\"outlink\" href=\"https:\/\/narodne-novine.nn.hr\/clanci\/sluzbeni\/2018_08_70_1418.html\" target=\"_blank\" rel=\"noopener noreferrer\">70\/2018<\/a><\/td>\n<\/tr>\n<tr>\n<td>Protokol<\/td>\n<td>Protokol o postupanju prema djeci<br \/>\nodvojenoj od roditelja \u2013 stranim dr\u017eavljanima<\/td>\n<td>\u00a0<a href=\"https:\/\/mzo.gov.hr\/UserDocsImages\/dokumenti\/Dokumenti-ZakonskiPodzakonski-Akti\/Osnovnoskolski\/Protokol%20o%20postupanju%20prema%20djeci%20odvojenoj%20od%20roditelja%20%E2%80%93%20stranim%20dr%C5%BEavljanima%20-%20Vlada%20RH%202013..pdf\" data-fileid=\"3035\">Vlada RH 2013.<\/a><\/td>\n<\/tr>\n<\/tbody>\n<\/table>\n","protected":false},"excerpt":{"rendered":"<p>Statut \u0160kole Statut Osnovne \u0161kole Donja Stubica Godi\u0161nji plan i\u00a0kurikulum \u0160kole Godi\u0161nji plan i program rada \u0161kole 2025.\/2026. \u0160kolski kurikulum 2025.\/2026. Izvje\u0161\u0107e o ostvarivanju Godi\u0161njeg plana i programa rada \u0161kole za \u0161k. god. 2024.\/2025. Godi\u0161nji plan i program rada \u0161kole 2024.\/2025. \u0160kolski kurikulum 2024.\/2025. Godi\u0161nji plan i program rada 2023.\/2024. \u0160kolski kurikulum 2023.\/2024. Godi\u0161nji plan [&hellip;]<\/p>\n","protected":false},"author":4,"featured_media":0,"parent":22,"menu_order":0,"comment_status":"closed","ping_status":"closed","template":"","meta":{"footnotes":""},"yoast_head":"<!-- This site is optimized with the Yoast SEO plugin v22.6 - https:\/\/yoast.com\/wordpress\/plugins\/seo\/ -->\n<title>Dokumenti - O\u0160 Donja Stubica<\/title>\n<meta name=\"robots\" content=\"index, follow, max-snippet:-1, max-image-preview:large, max-video-preview:-1\" \/>\n<link rel=\"canonical\" href=\"https:\/\/osnovna-skola-donja-stubica.hr\/wp\/pravni-poslovi\/dokumenti\/\" \/>\n<meta property=\"og:locale\" content=\"hr_HR\" \/>\n<meta property=\"og:type\" content=\"article\" \/>\n<meta property=\"og:title\" content=\"Dokumenti - O\u0160 Donja Stubica\" \/>\n<meta property=\"og:description\" content=\"Statut \u0160kole Statut Osnovne \u0161kole Donja Stubica Godi\u0161nji plan i\u00a0kurikulum \u0160kole Godi\u0161nji plan i program rada \u0161kole 2025.\/2026. \u0160kolski kurikulum 2025.\/2026. Izvje\u0161\u0107e o ostvarivanju Godi\u0161njeg plana i programa rada \u0161kole za \u0161k. god. 2024.\/2025. Godi\u0161nji plan i program rada \u0161kole 2024.\/2025. \u0160kolski kurikulum 2024.\/2025. Godi\u0161nji plan i program rada 2023.\/2024. \u0160kolski kurikulum 2023.\/2024. Godi\u0161nji plan [&hellip;]\" \/>\n<meta property=\"og:url\" content=\"https:\/\/osnovna-skola-donja-stubica.hr\/wp\/pravni-poslovi\/dokumenti\/\" \/>\n<meta property=\"og:site_name\" content=\"O\u0160 Donja Stubica\" \/>\n<meta property=\"article:modified_time\" content=\"2026-01-16T06:55:07+00:00\" \/>\n<meta name=\"twitter:card\" content=\"summary_large_image\" \/>\n<meta name=\"twitter:label1\" content=\"Procijenjeno vrijeme \u010ditanja\" \/>\n\t<meta name=\"twitter:data1\" content=\"7 minuta\" \/>\n<script type=\"application\/ld+json\" class=\"yoast-schema-graph\">{\"@context\":\"https:\/\/schema.org\",\"@graph\":[{\"@type\":\"WebPage\",\"@id\":\"https:\/\/osnovna-skola-donja-stubica.hr\/wp\/pravni-poslovi\/dokumenti\/\",\"url\":\"https:\/\/osnovna-skola-donja-stubica.hr\/wp\/pravni-poslovi\/dokumenti\/\",\"name\":\"Dokumenti - O\u0160 Donja Stubica\",\"isPartOf\":{\"@id\":\"https:\/\/osnovna-skola-donja-stubica.hr\/wp\/#website\"},\"datePublished\":\"2016-10-04T06:12:20+00:00\",\"dateModified\":\"2026-01-16T06:55:07+00:00\",\"breadcrumb\":{\"@id\":\"https:\/\/osnovna-skola-donja-stubica.hr\/wp\/pravni-poslovi\/dokumenti\/#breadcrumb\"},\"inLanguage\":\"hr\",\"potentialAction\":[{\"@type\":\"ReadAction\",\"target\":[\"https:\/\/osnovna-skola-donja-stubica.hr\/wp\/pravni-poslovi\/dokumenti\/\"]}]},{\"@type\":\"BreadcrumbList\",\"@id\":\"https:\/\/osnovna-skola-donja-stubica.hr\/wp\/pravni-poslovi\/dokumenti\/#breadcrumb\",\"itemListElement\":[{\"@type\":\"ListItem\",\"position\":1,\"name\":\"Po\u010detna stranica\",\"item\":\"https:\/\/osnovna-skola-donja-stubica.hr\/wp\/\"},{\"@type\":\"ListItem\",\"position\":2,\"name\":\"Pravni poslovi\",\"item\":\"https:\/\/osnovna-skola-donja-stubica.hr\/wp\/pravni-poslovi\/\"},{\"@type\":\"ListItem\",\"position\":3,\"name\":\"Dokumenti\"}]},{\"@type\":\"WebSite\",\"@id\":\"https:\/\/osnovna-skola-donja-stubica.hr\/wp\/#website\",\"url\":\"https:\/\/osnovna-skola-donja-stubica.hr\/wp\/\",\"name\":\"O\u0160 Donja Stubica\",\"description\":\"\",\"potentialAction\":[{\"@type\":\"SearchAction\",\"target\":{\"@type\":\"EntryPoint\",\"urlTemplate\":\"https:\/\/osnovna-skola-donja-stubica.hr\/wp\/?s={search_term_string}\"},\"query-input\":\"required name=search_term_string\"}],\"inLanguage\":\"hr\"}]}<\/script>\n<!-- \/ Yoast SEO plugin. -->","yoast_head_json":{"title":"Dokumenti - O\u0160 Donja Stubica","robots":{"index":"index","follow":"follow","max-snippet":"max-snippet:-1","max-image-preview":"max-image-preview:large","max-video-preview":"max-video-preview:-1"},"canonical":"https:\/\/osnovna-skola-donja-stubica.hr\/wp\/pravni-poslovi\/dokumenti\/","og_locale":"hr_HR","og_type":"article","og_title":"Dokumenti - O\u0160 Donja Stubica","og_description":"Statut \u0160kole Statut Osnovne \u0161kole Donja Stubica Godi\u0161nji plan i\u00a0kurikulum \u0160kole Godi\u0161nji plan i program rada \u0161kole 2025.\/2026. \u0160kolski kurikulum 2025.\/2026. Izvje\u0161\u0107e o ostvarivanju Godi\u0161njeg plana i programa rada \u0161kole za \u0161k. god. 2024.\/2025. Godi\u0161nji plan i program rada \u0161kole 2024.\/2025. \u0160kolski kurikulum 2024.\/2025. Godi\u0161nji plan i program rada 2023.\/2024. \u0160kolski kurikulum 2023.\/2024. Godi\u0161nji plan [&hellip;]","og_url":"https:\/\/osnovna-skola-donja-stubica.hr\/wp\/pravni-poslovi\/dokumenti\/","og_site_name":"O\u0160 Donja Stubica","article_modified_time":"2026-01-16T06:55:07+00:00","twitter_card":"summary_large_image","twitter_misc":{"Procijenjeno vrijeme \u010ditanja":"7 minuta"},"schema":{"@context":"https:\/\/schema.org","@graph":[{"@type":"WebPage","@id":"https:\/\/osnovna-skola-donja-stubica.hr\/wp\/pravni-poslovi\/dokumenti\/","url":"https:\/\/osnovna-skola-donja-stubica.hr\/wp\/pravni-poslovi\/dokumenti\/","name":"Dokumenti - O\u0160 Donja Stubica","isPartOf":{"@id":"https:\/\/osnovna-skola-donja-stubica.hr\/wp\/#website"},"datePublished":"2016-10-04T06:12:20+00:00","dateModified":"2026-01-16T06:55:07+00:00","breadcrumb":{"@id":"https:\/\/osnovna-skola-donja-stubica.hr\/wp\/pravni-poslovi\/dokumenti\/#breadcrumb"},"inLanguage":"hr","potentialAction":[{"@type":"ReadAction","target":["https:\/\/osnovna-skola-donja-stubica.hr\/wp\/pravni-poslovi\/dokumenti\/"]}]},{"@type":"BreadcrumbList","@id":"https:\/\/osnovna-skola-donja-stubica.hr\/wp\/pravni-poslovi\/dokumenti\/#breadcrumb","itemListElement":[{"@type":"ListItem","position":1,"name":"Po\u010detna stranica","item":"https:\/\/osnovna-skola-donja-stubica.hr\/wp\/"},{"@type":"ListItem","position":2,"name":"Pravni poslovi","item":"https:\/\/osnovna-skola-donja-stubica.hr\/wp\/pravni-poslovi\/"},{"@type":"ListItem","position":3,"name":"Dokumenti"}]},{"@type":"WebSite","@id":"https:\/\/osnovna-skola-donja-stubica.hr\/wp\/#website","url":"https:\/\/osnovna-skola-donja-stubica.hr\/wp\/","name":"O\u0160 Donja Stubica","description":"","potentialAction":[{"@type":"SearchAction","target":{"@type":"EntryPoint","urlTemplate":"https:\/\/osnovna-skola-donja-stubica.hr\/wp\/?s={search_term_string}"},"query-input":"required name=search_term_string"}],"inLanguage":"hr"}]}},"jetpack_sharing_enabled":true,"jetpack-related-posts":[],"jetpack_shortlink":"https:\/\/wp.me\/P7YpPR-o","_links":{"self":[{"href":"https:\/\/osnovna-skola-donja-stubica.hr\/wp\/wp-json\/wp\/v2\/pages\/24"}],"collection":[{"href":"https:\/\/osnovna-skola-donja-stubica.hr\/wp\/wp-json\/wp\/v2\/pages"}],"about":[{"href":"https:\/\/osnovna-skola-donja-stubica.hr\/wp\/wp-json\/wp\/v2\/types\/page"}],"author":[{"embeddable":true,"href":"https:\/\/osnovna-skola-donja-stubica.hr\/wp\/wp-json\/wp\/v2\/users\/4"}],"replies":[{"embeddable":true,"href":"https:\/\/osnovna-skola-donja-stubica.hr\/wp\/wp-json\/wp\/v2\/comments?post=24"}],"version-history":[{"count":101,"href":"https:\/\/osnovna-skola-donja-stubica.hr\/wp\/wp-json\/wp\/v2\/pages\/24\/revisions"}],"predecessor-version":[{"id":12760,"href":"https:\/\/osnovna-skola-donja-stubica.hr\/wp\/wp-json\/wp\/v2\/pages\/24\/revisions\/12760"}],"up":[{"embeddable":true,"href":"https:\/\/osnovna-skola-donja-stubica.hr\/wp\/wp-json\/wp\/v2\/pages\/22"}],"wp:attachment":[{"href":"https:\/\/osnovna-skola-donja-stubica.hr\/wp\/wp-json\/wp\/v2\/media?parent=24"}],"curies":[{"name":"wp","href":"https:\/\/api.w.org\/{rel}","templated":true}]}}